{"id":6138,"date":"2026-06-15T16:35:58","date_gmt":"2026-06-15T13:35:58","guid":{"rendered":"https:\/\/bemiselektrik.com\/tarihcemiz\/"},"modified":"2026-06-15T16:35:58","modified_gmt":"2026-06-15T13:35:58","slug":"unsere-geschichte","status":"publish","type":"page","link":"https:\/\/bemiselektrik.com\/de\/tarihcemiz\/","title":{"rendered":"Unsere Geschichte"},"content":{"rendered":"<section class=\"bemis-corp-hero bemis-corp-hero--media\" style=\"--corp-hero-img:url(https:\/\/bemiselektrik.com\/wp-content\/uploads\/kurumsal\/fabrika-havadan.jpg)\">\n        <div class=\"bemis-container bemis-corp-hero__inner\">\n            <span class=\"bemis-corp-kicker\">Unternehmen \u00b7 Unsere Geschichte<\/span>\n            <h1>30 Jahre seit 1994<\/h1>\n            <p>Eine Reise von einer 350 m\u00b2 gro\u00dfen Werkstatt zu einer Weltmarke mit Export in \u00fcber 80 L\u00e4nder.<\/p>        <\/div>\n    <\/section>\n        <main class=\"bemis-corp bemis-corp-history\">\n        <section class=\"bemis-corp-section\">\n            <div class=\"bemis-container\">\n                <div class=\"bemis-tl\">\n                                            <article class=\"bemis-tl__item bemis-reveal\">\n                            <div class=\"bemis-tl__marker\"><span>1994<\/span><\/div>\n                            <div class=\"bemis-tl__card\">\n                                                                                                        <div class=\"bemis-tl__media\"><img decoding=\"async\" src=\"https:\/\/bemiselektrik.com\/wp-content\/uploads\/2026\/06\/bemis1994-1024x768.png\" alt=\"Gr\u00fcndung \u2014 1994\" loading=\"lazy\"><\/div>\n                                                                <div class=\"bemis-tl__body\">\n                                    <span class=\"bemis-tl__year\">1994<\/span>\n                                    <h3>Gr\u00fcndung<\/h3>\n                                    <p>Bemis Elektrik wurde von \u015einasi G\u00fcne\u015f in Bursa in einer 350 m\u00b2 gro\u00dfen Werkstatt gegr\u00fcndet.<\/p>\n                                <\/div>\n                            <\/div>\n                        <\/article>\n                                            <article class=\"bemis-tl__item bemis-reveal\">\n                            <div class=\"bemis-tl__marker\"><span>2000<\/span><\/div>\n                            <div class=\"bemis-tl__card\">\n                                                                                                        <div class=\"bemis-tl__media\"><img decoding=\"async\" src=\"https:\/\/bemiselektrik.com\/wp-content\/uploads\/2026\/06\/HPIM2670-1024x771.jpg\" alt=\"Das Kaliphane wurde gegr\u00fcndet \u2014 2000\" loading=\"lazy\"><\/div>\n                                                                <div class=\"bemis-tl__body\">\n                                    <span class=\"bemis-tl__year\">2000<\/span>\n                                    <h3>Die Kaliphane wurde gegr\u00fcndet<\/h3>\n                                    <p>Die Bemis-Formenbauwerkstatt wurde gegr\u00fcndet und die Formenherstellung in das Unternehmen integriert.<\/p>\n                                <\/div>\n                            <\/div>\n                        <\/article>\n                                            <article class=\"bemis-tl__item bemis-reveal\">\n                            <div class=\"bemis-tl__marker\"><span>2004<\/span><\/div>\n                            <div class=\"bemis-tl__card\">\n                                                                                                        <div class=\"bemis-tl__media\"><img decoding=\"async\" src=\"https:\/\/bemiselektrik.com\/wp-content\/uploads\/2026\/06\/DSC_0078-1024x685.jpg\" alt=\"Kontak-Produktion &amp; Madosan \u2014 2004\" loading=\"lazy\"><\/div>\n                                                                <div class=\"bemis-tl__body\">\n                                    <span class=\"bemis-tl__year\">2004<\/span>\n                                    <h3>Kontak-Produktion &amp; Madosan<\/h3>\n                                    <p>Die Produktion von Leiterkontakten wurde aufgenommen, es erfolgte die Fusion mit Madosan und es wurden Investitionen in CNC-Schiebeautomaten get\u00e4tigt.<\/p>\n                                <\/div>\n                            <\/div>\n                        <\/article>\n                                            <article class=\"bemis-tl__item bemis-reveal\">\n                            <div class=\"bemis-tl__marker\"><span>2005<\/span><\/div>\n                            <div class=\"bemis-tl__card\">\n                                                                                                        <div class=\"bemis-tl__media\"><img decoding=\"async\" src=\"https:\/\/bemiselektrik.com\/wp-content\/uploads\/2026\/06\/bemis-arge-2005-1024x683.png\" alt=\"Forschungs- und Entwicklungsabteilung \u2014 2005\" loading=\"lazy\"><\/div>\n                                                                <div class=\"bemis-tl__body\">\n                                    <span class=\"bemis-tl__year\">2005<\/span>\n                                    <h3>Forschungs- und Entwicklungsabteilung<\/h3>\n                                    <p>Eine unternehmensinterne Forschungs- und Entwicklungsabteilung wurde eingerichtet.<\/p>\n                                <\/div>\n                            <\/div>\n                        <\/article>\n                                            <article class=\"bemis-tl__item bemis-reveal\">\n                            <div class=\"bemis-tl__marker\"><span>2007<\/span><\/div>\n                            <div class=\"bemis-tl__card\">\n                                                                                                        <div class=\"bemis-tl__media\"><img decoding=\"async\" src=\"https:\/\/bemiselektrik.com\/wp-content\/uploads\/2026\/06\/anadolu-marka-odulu.jpg\" alt=\"Eine Premiere in der T\u00fcrkei \u2013 2007\" loading=\"lazy\"><\/div>\n                                                                <div class=\"bemis-tl__body\">\n                                    <span class=\"bemis-tl__year\">2007<\/span>\n                                    <h3>Eine Premiere in der T\u00fcrkei<\/h3>\n                                    <p>Die CEE-Norm 125A wurde erstmals in der T\u00fcrkei hergestellt. Das Unternehmen wurde mit dem Preis \u201cMarke Anatoliens\u201d ausgezeichnet und die erste Website wurde eingerichtet.<\/p>\n                                <\/div>\n                            <\/div>\n                        <\/article>\n                                            <article class=\"bemis-tl__item bemis-reveal\">\n                            <div class=\"bemis-tl__marker\"><span>2008<\/span><\/div>\n                            <div class=\"bemis-tl__card\">\n                                                                                                        <div class=\"bemis-tl__media\"><img decoding=\"async\" src=\"https:\/\/bemiselektrik.com\/wp-content\/uploads\/2026\/06\/DSCN8666-1024x768.jpg\" alt=\"Dev Fi\u015f \u2013 2008\" loading=\"lazy\"><\/div>\n                                                                <div class=\"bemis-tl__body\">\n                                    <span class=\"bemis-tl__year\">2008<\/span>\n                                    <h3>Riesiger Stecker<\/h3>\n                                    <p>Der riesige Stecker wurde hergestellt und auf der WIN EURASIA-Messe ausgestellt, wo er gro\u00dfes Interesse weckte.<\/p>\n                                <\/div>\n                            <\/div>\n                        <\/article>\n                                            <article class=\"bemis-tl__item bemis-reveal\">\n                            <div class=\"bemis-tl__marker\"><span>2010<\/span><\/div>\n                            <div class=\"bemis-tl__card\">\n                                                                                                        <div class=\"bemis-tl__media\"><img decoding=\"async\" src=\"https:\/\/bemiselektrik.com\/wp-content\/uploads\/2026\/06\/kokulu-urunler-1024x768.png\" alt=\"Duftender Gummi \u2014 2010\" loading=\"lazy\"><\/div>\n                                                                <div class=\"bemis-tl__body\">\n                                    <span class=\"bemis-tl__year\">2010<\/span>\n                                    <h3>Duftender Gummi<\/h3>\n                                    <p>In der T\u00fcrkei wurden erstmals duftende Gummiprodukte von Bemis entwickelt.<\/p>\n                                <\/div>\n                            <\/div>\n                        <\/article>\n                                            <article class=\"bemis-tl__item bemis-reveal\">\n                            <div class=\"bemis-tl__marker\"><span>2011<\/span><\/div>\n                            <div class=\"bemis-tl__card\">\n                                                                                                        <div class=\"bemis-tl__media\"><img decoding=\"async\" src=\"https:\/\/bemiselektrik.com\/wp-content\/uploads\/2026\/06\/anti-bakteriyel-1024x768.png\" alt=\"Antibakterielle Produkte \u2014 2011\" loading=\"lazy\"><\/div>\n                                                                <div class=\"bemis-tl__body\">\n                                    <span class=\"bemis-tl__year\">2011<\/span>\n                                    <h3>Antibakterielle Produkte<\/h3>\n                                    <p>Es wurden antibakterielle Produkte entwickelt.<\/p>\n                                <\/div>\n                            <\/div>\n                        <\/article>\n                                            <article class=\"bemis-tl__item bemis-reveal\">\n                            <div class=\"bemis-tl__marker\"><span>2012<\/span><\/div>\n                            <div class=\"bemis-tl__card\">\n                                                                                                        <div class=\"bemis-tl__media\"><img decoding=\"async\" src=\"https:\/\/bemiselektrik.com\/wp-content\/uploads\/kurumsal\/IMG_0493-1024x683.jpg\" alt=\"Pr\u00fcflabor \u2014 2012\" loading=\"lazy\"><\/div>\n                                                                <div class=\"bemis-tl__body\">\n                                    <span class=\"bemis-tl__year\">2012<\/span>\n                                    <h3>Pr\u00fcflabor<\/h3>\n                                    <p>Es wurde ein umfassendes Testlabor eingerichtet.<\/p>\n                                <\/div>\n                            <\/div>\n                        <\/article>\n                                            <article class=\"bemis-tl__item bemis-reveal\">\n                            <div class=\"bemis-tl__marker\"><span>2013<\/span><\/div>\n                            <div class=\"bemis-tl__card\">\n                                                                                                        <div class=\"bemis-tl__media\"><img decoding=\"async\" src=\"https:\/\/bemiselektrik.com\/wp-content\/uploads\/2026\/06\/somunlu-1024x768.png\" alt=\"Schraubverbindungen \u2014 2013\" loading=\"lazy\"><\/div>\n                                                                <div class=\"bemis-tl__body\">\n                                    <span class=\"bemis-tl__year\">2013<\/span>\n                                    <h3>Schraubverbindungen<\/h3>\n                                    <p>Es wurden Produkte mit Schraubverschluss entwickelt. BUG\u0130AD wurde mit dem Preis \u201cAusschuss des Jahres im Energiebereich\u201d ausgezeichnet.<\/p>\n                                <\/div>\n                            <\/div>\n                        <\/article>\n                                            <article class=\"bemis-tl__item bemis-reveal\">\n                            <div class=\"bemis-tl__marker\"><span>2016<\/span><\/div>\n                            <div class=\"bemis-tl__card\">\n                                                                                                        <div class=\"bemis-tl__media\"><img decoding=\"async\" src=\"https:\/\/bemiselektrik.com\/wp-content\/uploads\/kurumsal\/fabrika-havadan-1024x576.jpg\" alt=\"Neue Fabrik \u2014 2016\" loading=\"lazy\"><\/div>\n                                                                <div class=\"bemis-tl__body\">\n                                    <span class=\"bemis-tl__year\">2016<\/span>\n                                    <h3>Neue Fabrik<\/h3>\n                                    <p>Das Unternehmen ist in eine moderne, 16.000 m\u00b2 gro\u00dfe Fabrik im Industriegebiet von Bursa umgezogen.<\/p>\n                                <\/div>\n                            <\/div>\n                        <\/article>\n                                            <article class=\"bemis-tl__item bemis-reveal\">\n                            <div class=\"bemis-tl__marker\"><span>2018<\/span><\/div>\n                            <div class=\"bemis-tl__card\">\n                                                                                                        <div class=\"bemis-tl__media\"><img decoding=\"async\" src=\"https:\/\/bemiselektrik.com\/wp-content\/uploads\/2026\/06\/bemis-teknik-elektrik-as-1024x768.jpg\" alt=\"Bemis Teknik A.\u015e. \u2014 2018\" loading=\"lazy\"><\/div>\n                                                                <div class=\"bemis-tl__body\">\n                                    <span class=\"bemis-tl__year\">2018<\/span>\n                                    <h3>Bemis Teknik A.\u015e.<\/h3>\n                                    <p>Der Name und das Logo wurden aktualisiert; es wurde auf die Unternehmensidentit\u00e4t von Bemis Teknik Elektrik A.\u015e. umgestellt.<\/p>\n                                <\/div>\n                            <\/div>\n                        <\/article>\n                                            <article class=\"bemis-tl__item bemis-reveal\">\n                            <div class=\"bemis-tl__marker\"><span>2019<\/span><\/div>\n                            <div class=\"bemis-tl__card\">\n                                                                                                        <div class=\"bemis-tl__media\"><img decoding=\"async\" src=\"https:\/\/bemiselektrik.com\/wp-content\/uploads\/2026\/06\/seri-yenileme-1024x768.jpg\" alt=\"Serienaktualisierung \u2013 2019\" loading=\"lazy\"><\/div>\n                                                                <div class=\"bemis-tl__body\">\n                                    <span class=\"bemis-tl__year\">2019<\/span>\n                                    <h3>Seriennummer erneuern<\/h3>\n                                    <p>Die Serien \u201eCEE Norm\u201c und \u201eKau\u00e7uk\u201c wurden \u00fcberarbeitet; die Produktion von nicht normgerechten Produkten wurde eingestellt.<\/p>\n                                <\/div>\n                            <\/div>\n                        <\/article>\n                                            <article class=\"bemis-tl__item bemis-reveal\">\n                            <div class=\"bemis-tl__marker\"><span>2020<\/span><\/div>\n                            <div class=\"bemis-tl__card\">\n                                                                                                        <div class=\"bemis-tl__media\"><img decoding=\"async\" src=\"https:\/\/bemiselektrik.com\/wp-content\/uploads\/2026\/06\/IMG_7759-1024x575.jpg\" alt=\"RS-Serie &amp; Patent \u2014 2020\" loading=\"lazy\"><\/div>\n                                                                <div class=\"bemis-tl__body\">\n                                    <span class=\"bemis-tl__year\">2020<\/span>\n                                    <h3>RS-Serie &amp; Patent<\/h3>\n                                    <p>Die neue CEE-Norm-RS-Serie 63\/125A wurde hergestellt. Die patentierte Schalttafelsteckdose wurde hergestellt.<\/p>\n                                <\/div>\n                            <\/div>\n                        <\/article>\n                                            <article class=\"bemis-tl__item bemis-reveal\">\n                            <div class=\"bemis-tl__marker\"><span>2022<\/span><\/div>\n                            <div class=\"bemis-tl__card\">\n                                                                                                        <div class=\"bemis-tl__media\"><img decoding=\"async\" src=\"https:\/\/bemiselektrik.com\/wp-content\/uploads\/2026\/06\/ges-160A-1024x768.jpg\" alt=\"CEE-Norm 160A &amp; GES \u2013 2022\" loading=\"lazy\"><\/div>\n                                                                <div class=\"bemis-tl__body\">\n                                    <span class=\"bemis-tl__year\">2022<\/span>\n                                    <h3>CEE-Norm 160A &amp; GES<\/h3>\n                                    <p>In der T\u00fcrkei wurde die erste CEE-Norm 160A entwickelt, das B2B-Portal in Betrieb genommen und ein Solarkraftwerk errichtet.<\/p>\n                                <\/div>\n                            <\/div>\n                        <\/article>\n                                            <article class=\"bemis-tl__item bemis-reveal\">\n                            <div class=\"bemis-tl__marker\"><span>2023<\/span><\/div>\n                            <div class=\"bemis-tl__card\">\n                                                                                                        <div class=\"bemis-tl__media\"><img decoding=\"async\" src=\"https:\/\/bemiselektrik.com\/wp-content\/uploads\/kurumsal\/tarihce-2023-ev-charge-768x1024.jpg\" alt=\"E-V Charge &amp; Atex \u2013 2023\" loading=\"lazy\"><\/div>\n                                                                <div class=\"bemis-tl__body\">\n                                    <span class=\"bemis-tl__year\">2023<\/span>\n                                    <h3>E-V Charge &amp; Atex<\/h3>\n                                    <p>Es wurden Ladesteckdosen f\u00fcr Elektrofahrzeuge sowie ATEX-zertifizierte Produkte entwickelt.<\/p>\n                                <\/div>\n                            <\/div>\n                        <\/article>\n                                            <article class=\"bemis-tl__item bemis-reveal\">\n                            <div class=\"bemis-tl__marker\"><span>2024<\/span><\/div>\n                            <div class=\"bemis-tl__card\">\n                                                                                                        <div class=\"bemis-tl__media\"><img decoding=\"async\" src=\"https:\/\/bemiselektrik.com\/wp-content\/uploads\/kurumsal\/tarihce-2024-30-yil-1024x576.jpg\" alt=\"30. Jahr \u2014 2024\" loading=\"lazy\"><\/div>\n                                                                <div class=\"bemis-tl__body\">\n                                    <span class=\"bemis-tl__year\">2024<\/span>\n                                    <h3>30. Jahr<\/h3>\n                                    <p>Es wurden Sonderveranstaltungen zum 30-j\u00e4hrigen Jubil\u00e4um organisiert und ein Sonderkatalog zum 30-j\u00e4hrigen Jubil\u00e4um ver\u00f6ffentlicht.<\/p>\n                                <\/div>\n                            <\/div>\n                        <\/article>\n                                    <\/div>\n            <\/div>\n        <\/section>\n    <\/main>\n        <section class=\"bemis-corp-cta\">\n        <div class=\"bemis-container\">\n            <h2>Werden Sie Teil der Bemis-Familie<\/h2>\n            <p>Entdecken Sie unsere 30-j\u00e4hrige Produktionserfahrung und unsere Produktst\u00e4rke aus n\u00e4chster N\u00e4he.<\/p>            <div class=\"bemis-corp-cta__actions\">\n                <a class=\"bemis-corp-btn bemis-corp-btn--primary\" href=\"https:\/\/bemiselektrik.com\/de\/urunler\/\">Produkte ansehen<\/a>\n                                    <a class=\"bemis-corp-btn bemis-corp-btn--outline\" href=\"https:\/\/bemiselektrik.com\/de\/iletisim\/\">Kontakt aufnehmen<\/a>\n                            <\/div>\n        <\/div>\n    <\/section>","protected":false},"excerpt":{"rendered":"","protected":false},"author":0,"featured_media":0,"parent":0,"menu_order":0,"comment_status":"closed","ping_status":"closed","template":"","meta":{"_acf_changed":false,"footnotes":""},"class_list":["post-6138","page","type-page","status-publish","hentry"],"acf":[],"_hostinger_reach_plugin_has_subscription_block":false,"_hostinger_reach_plugin_is_elementor":false,"_links":{"self":[{"href":"https:\/\/bemiselektrik.com\/de\/wp-json\/wp\/v2\/pages\/6138","targetHints":{"allow":["GET"]}}],"collection":[{"href":"https:\/\/bemiselektrik.com\/de\/wp-json\/wp\/v2\/pages"}],"about":[{"href":"https:\/\/bemiselektrik.com\/de\/wp-json\/wp\/v2\/types\/page"}],"replies":[{"embeddable":true,"href":"https:\/\/bemiselektrik.com\/de\/wp-json\/wp\/v2\/comments?post=6138"}],"version-history":[{"count":0,"href":"https:\/\/bemiselektrik.com\/de\/wp-json\/wp\/v2\/pages\/6138\/revisions"}],"wp:attachment":[{"href":"https:\/\/bemiselektrik.com\/de\/wp-json\/wp\/v2\/media?parent=6138"}],"curies":[{"name":"wp","href":"https:\/\/api.w.org\/{rel}","templated":true}]}}